{"id":177,"date":"2025-01-27T22:58:06","date_gmt":"2025-01-27T21:58:06","guid":{"rendered":"https:\/\/legal-cosy.com\/?page_id=177"},"modified":"2025-05-19T14:45:49","modified_gmt":"2025-05-19T12:45:49","slug":"ochrona-danych-osobowych","status":"publish","type":"page","link":"https:\/\/legal-cosy.com\/en\/ochrona-danych-osobowych\/","title":{"rendered":"Personal data protection"},"content":{"rendered":"<div class=\"wp-block-cover cover-hover\"><img data-recalc-dims=\"1\" decoding=\"async\" width=\"5384\" height=\"3589\" data-attachment-id=\"204\" data-permalink=\"https:\/\/legal-cosy.com\/en\/pexels-ron-lach-9783353\/\" data-orig-file=\"https:\/\/i0.wp.com\/legal-cosy.com\/wp-content\/uploads\/2025\/01\/pexels-ron-lach-9783353.jpg?fit=5384%2C3589&amp;ssl=1\" data-orig-size=\"5384,3589\" data-comments-opened=\"1\" data-image-meta=\"{&quot;aperture&quot;:&quot;0&quot;,&quot;credit&quot;:&quot;&quot;,&quot;camera&quot;:&quot;&quot;,&quot;caption&quot;:&quot;&quot;,&quot;created_timestamp&quot;:&quot;0&quot;,&quot;copyright&quot;:&quot;&quot;,&quot;focal_length&quot;:&quot;0&quot;,&quot;iso&quot;:&quot;0&quot;,&quot;shutter_speed&quot;:&quot;0&quot;,&quot;title&quot;:&quot;&quot;,&quot;orientation&quot;:&quot;0&quot;}\" data-image-title=\"pexels-ron-lach-9783353\" data-image-description=\"&lt;p&gt;Ochrona danych osobowych&lt;\/p&gt;\" data-image-caption=\"&lt;p&gt;Ochrona danych osobowych&lt;\/p&gt;\" data-large-file=\"https:\/\/i0.wp.com\/legal-cosy.com\/wp-content\/uploads\/2025\/01\/pexels-ron-lach-9783353.jpg?fit=1024%2C683&amp;ssl=1\" class=\"wp-block-cover__image-background wp-image-204 size-full lazyload\" alt=\"Ochrona danych osobowych\" data-src=\"https:\/\/i0.wp.com\/legal-cosy.com\/wp-content\/uploads\/2025\/01\/pexels-ron-lach-9783353.jpg?resize=5384%2C3589&#038;ssl=1\" data-object-fit=\"cover\" src=\"data:image\/svg+xml;base64,PHN2ZyB3aWR0aD0iMSIgaGVpZ2h0PSIxIiB4bWxucz0iaHR0cDovL3d3dy53My5vcmcvMjAwMC9zdmciPjwvc3ZnPg==\" style=\"--smush-placeholder-width: 5384px; --smush-placeholder-aspect-ratio: 5384\/3589;\" \/><span aria-hidden=\"true\" class=\"wp-block-cover__background has-background-dim\" style=\"background-color:#405d78\"><\/span><div class=\"wp-block-cover__inner-container is-layout-flow wp-block-cover-is-layout-flow\">\n<h1 class=\"wp-block-heading has-text-align-center has-x-large-font-size\">Personal data protection<\/h1>\n<\/div><\/div>\n\n\n\n<div style=\"height:37px\" aria-hidden=\"true\" class=\"wp-block-spacer\"><\/div>\n\n\n\n<h2 class=\"wp-block-heading has-text-align-left\" style=\"font-size:1.5rem\">Prowadzisz firm\u0119 i masz kontakt z danymi klient\u00f3w, u\u017cytkownik\u00f3w, pracownik\u00f3w lub wsp\u00f3\u0142pracownik\u00f3w? Zastanawiasz si\u0119, jak powinna wygl\u0105da\u0107 ochrona danych osobowych i jakie tak naprawd\u0119 s\u0105 Twoje obowi\u0105zki? <br><strong>RODO to nie tylko obowi\u0105zek \u2013 to te\u017c zaufanie, reputacja i bezpiecze\u0144stwo.<\/strong> Pomagam przedsi\u0119biorcom i organizacjom <strong>zrozumie\u0107, uporz\u0105dkowa\u0107 i wdro\u017cy\u0107<\/strong> ochron\u0119 danych osobowych. Bez nad\u0119cia, bez straszenia karami. Za to z konkretnym planem, jasn\u0105 komunikacj\u0105 i realnym wsparciem. Ch\u0119tnie pomog\u0119 Ci w uporz\u0105dkowa\u0107 wszystkie zwi\u0105zane z RODO zagadnienia oraz przeprowadzi\u0107 niezb\u0119dne zmiany.<\/h2>\n\n\n\n<h3 class=\"wp-block-heading has-primary-color has-text-color has-link-color wp-elements-a9a62d1c65bae5e1fab3b39fd6713d85\">Dla kogo?<\/h3>\n\n\n\n<ul class=\"wp-block-list\">\n<li>Dla organizacji, kt\u00f3re chc\u0105 dzia\u0142a\u0107 zgodnie z RODO, ale nie maj\u0105 czasu ani zasob\u00f3w, \u017ceby si\u0119 \u201ewgryza\u0107 w przepisy\u201d.<\/li>\n\n\n\n<li>Dla w\u0142a\u015bcicieli e-commerce, platform, firm us\u0142ugowych, software house\u2019\u00f3w i startup\u00f3w.<\/li>\n\n\n\n<li>Dla tych, kt\u00f3rzy maj\u0105 \u015bwiadomo\u015b\u0107 ryzyka i chc\u0105 zabezpieczy\u0107 si\u0119 <strong>przed konsekwencjami nie\u015bwiadomych b\u0142\u0119d\u00f3w<\/strong>.<\/li>\n\n\n\n<li>Dla firm i organizacji, kt\u00f3re przetwarzaj\u0105 dane w wi\u0119kszej skali lub w niestandardowy spos\u00f3b (np. systemy IT, HR, e-learning).<\/li>\n<\/ul>\n\n\n\n<h3 class=\"wp-block-heading has-primary-color has-text-color has-link-color wp-elements-ce8079c40cd27a162ad0c9200d034241\">What can I do for you?<\/h3>\n\n\n\n<h3 class=\"wp-block-heading\">Audyt RODO:<\/h3>\n\n\n\n<ul class=\"wp-block-list\">\n<li>sprawdz\u0119, jak dane osobowe s\u0105 przetwarzane w Twojej firmie,<\/li>\n\n\n\n<li>przeanalizuj\u0119, czy spe\u0142niasz wymogi prawne,<\/li>\n\n\n\n<li>zidentyfikuj\u0119 obszary ryzyka i wska\u017c\u0119, co trzeba poprawi\u0107 \u2013 <strong>czytelnie i konkretnie<\/strong>.<\/li>\n<\/ul>\n\n\n\n<h3 class=\"wp-block-heading\">Wdro\u017cenie RODO:<\/h3>\n\n\n\n<ul class=\"wp-block-list\">\n<li>przygotuj\u0119 dokumentacj\u0119 zgodn\u0105 z Twoim modelem biznesowym &#8211; jako przyk\u0142ad mog\u0119 poda\u0107 najwa\u017cniejsze dokumenty:\n<ul class=\"wp-block-list\">\n<li><strong>polityk\u0119 <\/strong>ochrony danych osobowych,<\/li>\n\n\n\n<li><strong>klauzule <\/strong>informacyjne,<\/li>\n\n\n\n<li>umowy <strong>powierzenia przetwarzania <\/strong>danych,<\/li>\n\n\n\n<li><strong>rejestry <\/strong>czynno\u015bci przetwarzania,<\/li>\n\n\n\n<li><strong>polityk\u0119 prywatno\u015bci i cookies<\/strong>,<\/li>\n\n\n\n<li><strong>zgody <\/strong>marketingowe,<\/li>\n<\/ul>\n<\/li>\n\n\n\n<li>podpowiem, jak <strong>prawid\u0142owo wdro\u017cy\u0107 checkboxy, formularze, systemy zapisu<\/strong>.<\/li>\n<\/ul>\n\n\n\n<h3 class=\"wp-block-heading\">Szkolenia i wsparcie:<\/h3>\n\n\n\n<ul class=\"wp-block-list\">\n<li>przeprowadz\u0119 <strong>szkolenia dla pracownik\u00f3w i zespo\u0142u<\/strong>, \u017ceby podnie\u015b\u0107 \u015bwiadomo\u015b\u0107 w organizacji.<\/li>\n\n\n\n<li>zapewni\u0119 <strong>bie\u017c\u0105ce doradztwo RODO<\/strong> \u2013 zar\u00f3wno przy incydentach, w\u0105tpliwo\u015bciach, jak i kontaktach z organami nadzorczymi.<\/li>\n<\/ul>\n\n\n\n<h3 class=\"wp-block-heading has-primary-color has-text-color has-link-color wp-elements-d226826341a0fa6ec92a3092020a2f8f\">Dlaczego warto dzia\u0142a\u0107 proaktywnie?<\/h3>\n\n\n\n<ul class=\"wp-block-list\">\n<li>Nieprawid\u0142owo wdro\u017cone RODO mo\u017ce oznacza\u0107 <strong>kary finansowe, nie wspominaj\u0105c o utracie zaufania klient\u00f3w<\/strong>.<\/li>\n\n\n\n<li>Brak jasnych zasad wewn\u0119trznych to ryzyko spor\u00f3w i odpowiedzialno\u015bci.<\/li>\n\n\n\n<li>Wdro\u017cenie ochrony danych <strong>to nie tylko obowi\u0105zek, ale przewaga konkurencyjna<\/strong>.<\/li>\n<\/ul>\n\n\n\n<h3 class=\"wp-block-heading has-primary-color has-text-color has-link-color wp-elements-1c659ce88960d0079ca6a2912c2c5049\">Moje podej\u015bcie<\/h3>\n\n\n\n<ul class=\"wp-block-list\">\n<li>Nie przesy\u0142am gotowc\u00f3w z Internetu.<\/li>\n\n\n\n<li>Nie zak\u0142adam, \u017ce ka\u017cda firma wygl\u0105da tak samo, bo wiem, \u017ce ka\u017cdy przedsi\u0119biorca jest indywidualno\u015bci\u0105.<\/li>\n\n\n\n<li><strong>Zanim zaproponuj\u0119 rozwi\u0105zanie, chc\u0119 zrozumie\u0107 Tw\u00f3j biznes.<\/strong><\/li>\n\n\n\n<li>I dopiero wtedy wsp\u00f3lnie stworzymy dokumenty i procesy, kt\u00f3re s\u0105 dopasowane \u2013 i kt\u00f3re da si\u0119 wdro\u017cy\u0107 bez rewolucji.<\/li>\n<\/ul>\n\n\n\n<hr class=\"wp-block-separator has-alpha-channel-opacity\"\/>\n\n\n\n<h2 class=\"wp-block-heading has-primary-color has-text-color has-link-color wp-elements-6aa746d12aff16b1582c6adb9213e0ed\">Zadbaj o dane, zanim kto\u015b o nie zapyta<\/h2>\n\n\n\n<p class=\"wp-block-paragraph\">Ochrona danych osobowych to nie jest temat \u201ena p\u00f3\u017aniej\u201d. To <strong>element odpowiedzialnego prowadzenia biznesu<\/strong>.<br>Zr\u00f3b zatem pierwszy krok i um\u00f3w si\u0119 na wst\u0119pn\u0105, niezobowi\u0105zuj\u0105c\u0105 rozmow\u0119 \u2013 ja poka\u017c\u0119 Ci, co warto uporz\u0105dkowa\u0107.<\/p>\n\n\n\n<div class=\"wp-block-buttons is-layout-flex wp-block-buttons-is-layout-flex\">\n<div class=\"wp-block-button\"><a class=\"wp-block-button__link wp-element-button\" href=\"https:\/\/legal-cosy.com\/en\/kontakt\/\">Book a call or meeting<\/a><\/div>\n<\/div>\n\n\n\n<p class=\"has-text-align-center wp-block-paragraph\">Chcesz otrzymywa\u0107 regularne dodatkowe materia\u0142y, r\u00f3wnie\u017c z zakresu ochrony danych osobowych? Zapisz si\u0119 na m\u00f3j newsletter!<\/p>\n\n\n                <div class=\"ml-embedded\" data-form=\"67jyYD\"><\/div>","protected":false},"excerpt":{"rendered":"<p>Prowadzisz firm\u0119 i masz kontakt z danymi klient\u00f3w, u\u017cytkownik\u00f3w, pracownik\u00f3w lub wsp\u00f3\u0142pracownik\u00f3w? Zastanawiasz si\u0119, jak powinna wygl\u0105da\u0107 ochrona danych osobowych i jakie tak naprawd\u0119 s\u0105 Twoje obowi\u0105zki? RODO to nie tylko obowi\u0105zek \u2013 to te\u017c zaufanie, reputacja i bezpiecze\u0144stwo. Pomagam przedsi\u0119biorcom i organizacjom zrozumie\u0107, uporz\u0105dkowa\u0107 i wdro\u017cy\u0107 ochron\u0119 danych osobowych. Bez nad\u0119cia, bez straszenia karami. [&hellip;]<\/p>\n","protected":false},"author":261270560,"featured_media":204,"parent":0,"menu_order":0,"comment_status":"closed","ping_status":"closed","template":"","meta":{"_crdt_document":"","footnotes":""},"class_list":["post-177","page","type-page","status-publish","has-post-thumbnail","hentry"],"yoast_head":"<!-- This site is optimized with the Yoast SEO plugin v27.5 - https:\/\/yoast.com\/product\/yoast-seo-wordpress\/ -->\n<title>Ochrona danych osobowych - Legal &amp; Cosy<\/title>\n<meta name=\"robots\" content=\"index, follow, max-snippet:-1, max-image-preview:large, max-video-preview:-1\" \/>\n<link rel=\"canonical\" href=\"https:\/\/legal-cosy.com\/en\/ochrona-danych-osobowych\/\" \/>\n<meta property=\"og:locale\" content=\"en_GB\" \/>\n<meta property=\"og:type\" content=\"article\" \/>\n<meta property=\"og:title\" content=\"Ochrona danych osobowych - Legal &amp; Cosy\" \/>\n<meta property=\"og:description\" content=\"Prowadzisz firm\u0119 i masz kontakt z danymi klient\u00f3w, u\u017cytkownik\u00f3w, pracownik\u00f3w lub wsp\u00f3\u0142pracownik\u00f3w? Zastanawiasz si\u0119, jak powinna wygl\u0105da\u0107 ochrona danych osobowych i jakie tak naprawd\u0119 s\u0105 Twoje obowi\u0105zki? RODO to nie tylko obowi\u0105zek \u2013 to te\u017c zaufanie, reputacja i bezpiecze\u0144stwo. Pomagam przedsi\u0119biorcom i organizacjom zrozumie\u0107, uporz\u0105dkowa\u0107 i wdro\u017cy\u0107 ochron\u0119 danych osobowych. Bez nad\u0119cia, bez straszenia karami. [&hellip;]\" \/>\n<meta property=\"og:url\" content=\"https:\/\/legal-cosy.com\/en\/ochrona-danych-osobowych\/\" \/>\n<meta property=\"og:site_name\" content=\"Legal &amp; Cosy\" \/>\n<meta property=\"article:modified_time\" content=\"2025-05-19T12:45:49+00:00\" \/>\n<meta property=\"og:image\" content=\"https:\/\/legal-cosy.com\/wp-content\/uploads\/2025\/01\/pexels-ron-lach-9783353.jpg\" \/>\n\t<meta property=\"og:image:width\" content=\"5384\" \/>\n\t<meta property=\"og:image:height\" content=\"3589\" \/>\n\t<meta property=\"og:image:type\" content=\"image\/jpeg\" \/>\n<meta name=\"twitter:card\" content=\"summary_large_image\" \/>\n<meta name=\"twitter:label1\" content=\"Estimated reading time\" \/>\n\t<meta name=\"twitter:data1\" content=\"3 minutes\" \/>\n<script type=\"application\/ld+json\" class=\"yoast-schema-graph\">{\"@context\":\"https:\\\/\\\/schema.org\",\"@graph\":[{\"@type\":\"WebPage\",\"@id\":\"https:\\\/\\\/legal-cosy.com\\\/ochrona-danych-osobowych\\\/\",\"url\":\"https:\\\/\\\/legal-cosy.com\\\/ochrona-danych-osobowych\\\/\",\"name\":\"Ochrona danych osobowych - Legal &amp; Cosy\",\"isPartOf\":{\"@id\":\"https:\\\/\\\/legal-cosy.com\\\/#website\"},\"primaryImageOfPage\":{\"@id\":\"https:\\\/\\\/legal-cosy.com\\\/ochrona-danych-osobowych\\\/#primaryimage\"},\"image\":{\"@id\":\"https:\\\/\\\/legal-cosy.com\\\/ochrona-danych-osobowych\\\/#primaryimage\"},\"thumbnailUrl\":\"https:\\\/\\\/i0.wp.com\\\/legal-cosy.com\\\/wp-content\\\/uploads\\\/2025\\\/01\\\/pexels-ron-lach-9783353.jpg?fit=5384%2C3589&ssl=1\",\"datePublished\":\"2025-01-27T21:58:06+00:00\",\"dateModified\":\"2025-05-19T12:45:49+00:00\",\"breadcrumb\":{\"@id\":\"https:\\\/\\\/legal-cosy.com\\\/ochrona-danych-osobowych\\\/#breadcrumb\"},\"inLanguage\":\"en-GB\",\"potentialAction\":[{\"@type\":\"ReadAction\",\"target\":[\"https:\\\/\\\/legal-cosy.com\\\/ochrona-danych-osobowych\\\/\"]}]},{\"@type\":\"ImageObject\",\"inLanguage\":\"en-GB\",\"@id\":\"https:\\\/\\\/legal-cosy.com\\\/ochrona-danych-osobowych\\\/#primaryimage\",\"url\":\"https:\\\/\\\/i0.wp.com\\\/legal-cosy.com\\\/wp-content\\\/uploads\\\/2025\\\/01\\\/pexels-ron-lach-9783353.jpg?fit=5384%2C3589&ssl=1\",\"contentUrl\":\"https:\\\/\\\/i0.wp.com\\\/legal-cosy.com\\\/wp-content\\\/uploads\\\/2025\\\/01\\\/pexels-ron-lach-9783353.jpg?fit=5384%2C3589&ssl=1\",\"width\":5384,\"height\":3589,\"caption\":\"Ochrona danych osobowych\"},{\"@type\":\"BreadcrumbList\",\"@id\":\"https:\\\/\\\/legal-cosy.com\\\/ochrona-danych-osobowych\\\/#breadcrumb\",\"itemListElement\":[{\"@type\":\"ListItem\",\"position\":1,\"name\":\"Strona g\u0142\u00f3wna\",\"item\":\"https:\\\/\\\/legal-cosy.com\\\/\"},{\"@type\":\"ListItem\",\"position\":2,\"name\":\"Ochrona danych osobowych\"}]},{\"@type\":\"WebSite\",\"@id\":\"https:\\\/\\\/legal-cosy.com\\\/#website\",\"url\":\"https:\\\/\\\/legal-cosy.com\\\/\",\"name\":\"Legal & Cosy\",\"description\":\"Doradztwo w zakresie prawa korporacyjnego, reorganizacji dzia\u0142alno\u015bci, a tak\u017ce ochrony danych osobowych (RODO), e-commerce i merketingu\",\"publisher\":{\"@id\":\"https:\\\/\\\/legal-cosy.com\\\/#organization\"},\"potentialAction\":[{\"@type\":\"SearchAction\",\"target\":{\"@type\":\"EntryPoint\",\"urlTemplate\":\"https:\\\/\\\/legal-cosy.com\\\/?s={search_term_string}\"},\"query-input\":{\"@type\":\"PropertyValueSpecification\",\"valueRequired\":true,\"valueName\":\"search_term_string\"}}],\"inLanguage\":\"en-GB\"},{\"@type\":\"Organization\",\"@id\":\"https:\\\/\\\/legal-cosy.com\\\/#organization\",\"name\":\"Legal & Cosy Magdalena Podjacka Kancelaria Radcy Prawnego\",\"url\":\"https:\\\/\\\/legal-cosy.com\\\/\",\"logo\":{\"@type\":\"ImageObject\",\"inLanguage\":\"en-GB\",\"@id\":\"https:\\\/\\\/legal-cosy.com\\\/#\\\/schema\\\/logo\\\/image\\\/\",\"url\":\"https:\\\/\\\/i0.wp.com\\\/legal-cosy.com\\\/wp-content\\\/uploads\\\/2025\\\/01\\\/new-logo2-1.png?fit=5324%2C3332&ssl=1\",\"contentUrl\":\"https:\\\/\\\/i0.wp.com\\\/legal-cosy.com\\\/wp-content\\\/uploads\\\/2025\\\/01\\\/new-logo2-1.png?fit=5324%2C3332&ssl=1\",\"width\":5324,\"height\":3332,\"caption\":\"Legal & Cosy Magdalena Podjacka Kancelaria Radcy Prawnego\"},\"image\":{\"@id\":\"https:\\\/\\\/legal-cosy.com\\\/#\\\/schema\\\/logo\\\/image\\\/\"},\"sameAs\":[\"https:\\\/\\\/www.linkedin.com\\\/in\\\/magdalena-podjacka\\\/\"]}]}<\/script>\n<!-- \/ Yoast SEO plugin. -->","yoast_head_json":{"title":"Ochrona danych osobowych - Legal &amp; Cosy","robots":{"index":"index","follow":"follow","max-snippet":"max-snippet:-1","max-image-preview":"max-image-preview:large","max-video-preview":"max-video-preview:-1"},"canonical":"https:\/\/legal-cosy.com\/en\/ochrona-danych-osobowych\/","og_locale":"en_GB","og_type":"article","og_title":"Ochrona danych osobowych - Legal &amp; Cosy","og_description":"Prowadzisz firm\u0119 i masz kontakt z danymi klient\u00f3w, u\u017cytkownik\u00f3w, pracownik\u00f3w lub wsp\u00f3\u0142pracownik\u00f3w? Zastanawiasz si\u0119, jak powinna wygl\u0105da\u0107 ochrona danych osobowych i jakie tak naprawd\u0119 s\u0105 Twoje obowi\u0105zki? RODO to nie tylko obowi\u0105zek \u2013 to te\u017c zaufanie, reputacja i bezpiecze\u0144stwo. Pomagam przedsi\u0119biorcom i organizacjom zrozumie\u0107, uporz\u0105dkowa\u0107 i wdro\u017cy\u0107 ochron\u0119 danych osobowych. Bez nad\u0119cia, bez straszenia karami. [&hellip;]","og_url":"https:\/\/legal-cosy.com\/en\/ochrona-danych-osobowych\/","og_site_name":"Legal &amp; Cosy","article_modified_time":"2025-05-19T12:45:49+00:00","og_image":[{"width":5384,"height":3589,"url":"https:\/\/legal-cosy.com\/wp-content\/uploads\/2025\/01\/pexels-ron-lach-9783353.jpg","type":"image\/jpeg"}],"twitter_card":"summary_large_image","twitter_misc":{"Estimated reading time":"3 minutes"},"schema":{"@context":"https:\/\/schema.org","@graph":[{"@type":"WebPage","@id":"https:\/\/legal-cosy.com\/ochrona-danych-osobowych\/","url":"https:\/\/legal-cosy.com\/ochrona-danych-osobowych\/","name":"Ochrona danych osobowych - Legal &amp; Cosy","isPartOf":{"@id":"https:\/\/legal-cosy.com\/#website"},"primaryImageOfPage":{"@id":"https:\/\/legal-cosy.com\/ochrona-danych-osobowych\/#primaryimage"},"image":{"@id":"https:\/\/legal-cosy.com\/ochrona-danych-osobowych\/#primaryimage"},"thumbnailUrl":"https:\/\/i0.wp.com\/legal-cosy.com\/wp-content\/uploads\/2025\/01\/pexels-ron-lach-9783353.jpg?fit=5384%2C3589&ssl=1","datePublished":"2025-01-27T21:58:06+00:00","dateModified":"2025-05-19T12:45:49+00:00","breadcrumb":{"@id":"https:\/\/legal-cosy.com\/ochrona-danych-osobowych\/#breadcrumb"},"inLanguage":"en-GB","potentialAction":[{"@type":"ReadAction","target":["https:\/\/legal-cosy.com\/ochrona-danych-osobowych\/"]}]},{"@type":"ImageObject","inLanguage":"en-GB","@id":"https:\/\/legal-cosy.com\/ochrona-danych-osobowych\/#primaryimage","url":"https:\/\/i0.wp.com\/legal-cosy.com\/wp-content\/uploads\/2025\/01\/pexels-ron-lach-9783353.jpg?fit=5384%2C3589&ssl=1","contentUrl":"https:\/\/i0.wp.com\/legal-cosy.com\/wp-content\/uploads\/2025\/01\/pexels-ron-lach-9783353.jpg?fit=5384%2C3589&ssl=1","width":5384,"height":3589,"caption":"Ochrona danych osobowych"},{"@type":"BreadcrumbList","@id":"https:\/\/legal-cosy.com\/ochrona-danych-osobowych\/#breadcrumb","itemListElement":[{"@type":"ListItem","position":1,"name":"Strona g\u0142\u00f3wna","item":"https:\/\/legal-cosy.com\/"},{"@type":"ListItem","position":2,"name":"Ochrona danych osobowych"}]},{"@type":"WebSite","@id":"https:\/\/legal-cosy.com\/#website","url":"https:\/\/legal-cosy.com\/","name":"Legal & Cosy","description":"Doradztwo w zakresie prawa korporacyjnego, reorganizacji dzia\u0142alno\u015bci, a tak\u017ce ochrony danych osobowych (RODO), e-commerce i merketingu","publisher":{"@id":"https:\/\/legal-cosy.com\/#organization"},"potentialAction":[{"@type":"SearchAction","target":{"@type":"EntryPoint","urlTemplate":"https:\/\/legal-cosy.com\/?s={search_term_string}"},"query-input":{"@type":"PropertyValueSpecification","valueRequired":true,"valueName":"search_term_string"}}],"inLanguage":"en-GB"},{"@type":"Organization","@id":"https:\/\/legal-cosy.com\/#organization","name":"Legal & Cosy Magdalena Podjacka Kancelaria Radcy Prawnego","url":"https:\/\/legal-cosy.com\/","logo":{"@type":"ImageObject","inLanguage":"en-GB","@id":"https:\/\/legal-cosy.com\/#\/schema\/logo\/image\/","url":"https:\/\/i0.wp.com\/legal-cosy.com\/wp-content\/uploads\/2025\/01\/new-logo2-1.png?fit=5324%2C3332&ssl=1","contentUrl":"https:\/\/i0.wp.com\/legal-cosy.com\/wp-content\/uploads\/2025\/01\/new-logo2-1.png?fit=5324%2C3332&ssl=1","width":5324,"height":3332,"caption":"Legal & Cosy Magdalena Podjacka Kancelaria Radcy Prawnego"},"image":{"@id":"https:\/\/legal-cosy.com\/#\/schema\/logo\/image\/"},"sameAs":["https:\/\/www.linkedin.com\/in\/magdalena-podjacka\/"]}]}},"jetpack_likes_enabled":false,"jetpack_sharing_enabled":true,"jetpack_shortlink":"https:\/\/wp.me\/PgjC5b-2R","jetpack-related-posts":[],"_links":{"self":[{"href":"https:\/\/legal-cosy.com\/en\/wp-json\/wp\/v2\/pages\/177","targetHints":{"allow":["GET"]}}],"collection":[{"href":"https:\/\/legal-cosy.com\/en\/wp-json\/wp\/v2\/pages"}],"about":[{"href":"https:\/\/legal-cosy.com\/en\/wp-json\/wp\/v2\/types\/page"}],"author":[{"embeddable":true,"href":"https:\/\/legal-cosy.com\/en\/wp-json\/wp\/v2\/users\/261270560"}],"replies":[{"embeddable":true,"href":"https:\/\/legal-cosy.com\/en\/wp-json\/wp\/v2\/comments?post=177"}],"version-history":[{"count":11,"href":"https:\/\/legal-cosy.com\/en\/wp-json\/wp\/v2\/pages\/177\/revisions"}],"predecessor-version":[{"id":1349,"href":"https:\/\/legal-cosy.com\/en\/wp-json\/wp\/v2\/pages\/177\/revisions\/1349"}],"wp:featuredmedia":[{"embeddable":true,"href":"https:\/\/legal-cosy.com\/en\/wp-json\/wp\/v2\/media\/204"}],"wp:attachment":[{"href":"https:\/\/legal-cosy.com\/en\/wp-json\/wp\/v2\/media?parent=177"}],"curies":[{"name":"wp","href":"https:\/\/api.w.org\/{rel}","templated":true}]}}